{"version":"1.0","provider_name":"Las Fuentes ID","provider_url":"https:\/\/lasfuentesid.com","author_name":"Hno. Johan Flores","author_url":"https:\/\/lasfuentesid.com\/index.php\/author\/johan\/","title":"Convivencia con la Fraternidad Juvenil Adon\u00e1i - Las Fuentes ID","type":"rich","width":600,"height":338,"html":"<blockquote class=\"wp-embedded-content\" data-secret=\"ogdrdZxVU2\"><a href=\"https:\/\/lasfuentesid.com\/index.php\/2025\/07\/20\/convivencia-con-la-fraternidad-juvenil-adonai\/\">Convivencia con la Fraternidad Juvenil Adon\u00e1i<\/a><\/blockquote><iframe sandbox=\"allow-scripts\" security=\"restricted\" src=\"https:\/\/lasfuentesid.com\/index.php\/2025\/07\/20\/convivencia-con-la-fraternidad-juvenil-adonai\/embed\/#?secret=ogdrdZxVU2\" width=\"600\" height=\"338\" title=\"\u00abConvivencia con la Fraternidad Juvenil Adon\u00e1i\u00bb \u2014 Las Fuentes ID\" data-secret=\"ogdrdZxVU2\" frameborder=\"0\" marginwidth=\"0\" marginheight=\"0\" scrolling=\"no\" class=\"wp-embedded-content\"><\/iframe><script type=\"text\/javascript\">\n\/* <![CDATA[ *\/\n\/*! This file is auto-generated *\/\n!function(d,l){\"use strict\";l.querySelector&&d.addEventListener&&\"undefined\"!=typeof URL&&(d.wp=d.wp||{},d.wp.receiveEmbedMessage||(d.wp.receiveEmbedMessage=function(e){var t=e.data;if((t||t.secret||t.message||t.value)&&!\/[^a-zA-Z0-9]\/.test(t.secret)){for(var s,r,n,a=l.querySelectorAll('iframe[data-secret=\"'+t.secret+'\"]'),o=l.querySelectorAll('blockquote[data-secret=\"'+t.secret+'\"]'),c=new RegExp(\"^https?:$\",\"i\"),i=0;i<o.length;i++)o[i].style.display=\"none\";for(i=0;i<a.length;i++)s=a[i],e.source===s.contentWindow&&(s.removeAttribute(\"style\"),\"height\"===t.message?(1e3<(r=parseInt(t.value,10))?r=1e3:~~r<200&&(r=200),s.height=r):\"link\"===t.message&&(r=new URL(s.getAttribute(\"src\")),n=new URL(t.value),c.test(n.protocol))&&n.host===r.host&&l.activeElement===s&&(d.top.location.href=t.value))}},d.addEventListener(\"message\",d.wp.receiveEmbedMessage,!1),l.addEventListener(\"DOMContentLoaded\",function(){for(var e,t,s=l.querySelectorAll(\"iframe.wp-embedded-content\"),r=0;r<s.length;r++)(t=(e=s[r]).getAttribute(\"data-secret\"))||(t=Math.random().toString(36).substring(2,12),e.src+=\"#?secret=\"+t,e.setAttribute(\"data-secret\",t)),e.contentWindow.postMessage({message:\"ready\",secret:t},\"*\")},!1)))}(window,document);\n\/\/# sourceURL=https:\/\/lasfuentesid.com\/wp-includes\/js\/wp-embed.min.js\n\/* ]]> *\/\n<\/script>\n","thumbnail_url":"https:\/\/lasfuentesid.com\/wp-content\/uploads\/2025\/08\/20250720_1648031-scaled.jpg","thumbnail_width":2560,"thumbnail_height":1920,"description":"A inicios del a\u00f1o 2023 visit\u00e1bamos una congregaci\u00f3n en la que se estrecharon lazos de amistad al momento de celebrar culto a Dios ya que nuestra visita en ese momento fue en s\u00e1bado y nuestros hermanos vieron bien en invitarnos a apoyarlos por un momento en el trabajo ministerial y en la m\u00fasica, adem\u00e1s de compartir tanto el alimento material del d\u00eda con verduras y hortalizas producidas ah\u00ed mismo como de momentos de convivencia, risas y acercamiento a conocer a los hermanos que nos recib\u00edan del mismo modo que ellos lo hac\u00edan con nosotros."}