{"version":"1.0","provider_name":"Las Fuentes ID","provider_url":"https:\/\/lasfuentesid.com","author_name":"Hno. Johan Flores","author_url":"https:\/\/lasfuentesid.com\/index.php\/author\/johan\/","title":"Reuni\u00f3n Regional de Directivas Juveniles - Las Fuentes ID","type":"rich","width":600,"height":338,"html":"<blockquote class=\"wp-embedded-content\" data-secret=\"rWfeGTbr9a\"><a href=\"https:\/\/lasfuentesid.com\/index.php\/2024\/02\/11\/reunion-regional-de-directivas-juveniles\/\">Reuni\u00f3n Regional de Directivas Juveniles<\/a><\/blockquote><iframe sandbox=\"allow-scripts\" security=\"restricted\" src=\"https:\/\/lasfuentesid.com\/index.php\/2024\/02\/11\/reunion-regional-de-directivas-juveniles\/embed\/#?secret=rWfeGTbr9a\" width=\"600\" height=\"338\" title=\"\u00abReuni\u00f3n Regional de Directivas Juveniles\u00bb \u2014 Las Fuentes ID\" data-secret=\"rWfeGTbr9a\" frameborder=\"0\" marginwidth=\"0\" marginheight=\"0\" scrolling=\"no\" class=\"wp-embedded-content\"><\/iframe><script type=\"text\/javascript\">\n\/* <![CDATA[ *\/\n\/*! This file is auto-generated *\/\n!function(d,l){\"use strict\";l.querySelector&&d.addEventListener&&\"undefined\"!=typeof URL&&(d.wp=d.wp||{},d.wp.receiveEmbedMessage||(d.wp.receiveEmbedMessage=function(e){var t=e.data;if((t||t.secret||t.message||t.value)&&!\/[^a-zA-Z0-9]\/.test(t.secret)){for(var s,r,n,a=l.querySelectorAll('iframe[data-secret=\"'+t.secret+'\"]'),o=l.querySelectorAll('blockquote[data-secret=\"'+t.secret+'\"]'),c=new RegExp(\"^https?:$\",\"i\"),i=0;i<o.length;i++)o[i].style.display=\"none\";for(i=0;i<a.length;i++)s=a[i],e.source===s.contentWindow&&(s.removeAttribute(\"style\"),\"height\"===t.message?(1e3<(r=parseInt(t.value,10))?r=1e3:~~r<200&&(r=200),s.height=r):\"link\"===t.message&&(r=new URL(s.getAttribute(\"src\")),n=new URL(t.value),c.test(n.protocol))&&n.host===r.host&&l.activeElement===s&&(d.top.location.href=t.value))}},d.addEventListener(\"message\",d.wp.receiveEmbedMessage,!1),l.addEventListener(\"DOMContentLoaded\",function(){for(var e,t,s=l.querySelectorAll(\"iframe.wp-embedded-content\"),r=0;r<s.length;r++)(t=(e=s[r]).getAttribute(\"data-secret\"))||(t=Math.random().toString(36).substring(2,12),e.src+=\"#?secret=\"+t,e.setAttribute(\"data-secret\",t)),e.contentWindow.postMessage({message:\"ready\",secret:t},\"*\")},!1)))}(window,document);\n\/\/# sourceURL=https:\/\/lasfuentesid.com\/wp-includes\/js\/wp-embed.min.js\n\/* ]]> *\/\n<\/script>\n","thumbnail_url":"https:\/\/lasfuentesid.com\/wp-content\/uploads\/2024\/02\/pORTADA-scaled.jpg","thumbnail_width":2560,"thumbnail_height":1452,"description":"Siempre tenemos por entendido en la Iglesia de Dios dos premisas que se engloban en una sola que se fortalece y toma m\u00e1s peso: \"el trabajo en Dios no es en vano\" (1 Corintios 15.58 RVR 1960), pero que tambi\u00e9n \"es demasiado y no hay suficientes trabajadores\" (Lucas 10.2 DHH); es por ello que en esta ocasi\u00f3n hemos de narrar una actividad que es la antesala a todo lo que a la juventud en la Regi\u00f3n 3 de la Iglesia de Dios le espera y que, por gracia de Dios, la sede que alberg\u00f3 dicha actividad en la que todos los asistentes salimos nutridos tanto del pan espiritual de nuestro Creador como de sus bendiciones materializadas en alimentos para nuestro provecho f\u00edsico. Es as\u00ed como comenzamos a relatar este evento llamado Reuni\u00f3n Regional de Directivas Regi\u00f3n 3, al cual fuimos convocados con el siguiente texto lema: \"Y me buscar\u00e9is y hallar\u00e9is, porque me buscar\u00e9is de todo vuestro coraz\u00f3n\" (Jerem\u00edas 29.13 RVR 1909)."}